{"id":224,"date":"2026-02-28T09:19:48","date_gmt":"2026-02-28T09:19:48","guid":{"rendered":"https:\/\/engageinformatica.com\/?page_id=224"},"modified":"2026-02-28T09:20:31","modified_gmt":"2026-02-28T09:20:31","slug":"politica-de-privacidad","status":"publish","type":"page","link":"https:\/\/engageinformatica.com\/ca\/politica-de-privadesa\/","title":{"rendered":"Pol\u00edtica de privadesa"},"content":{"rendered":"<div data-elementor-type=\"wp-page\" data-elementor-id=\"224\" class=\"elementor elementor-224\" data-elementor-post-type=\"page\">\n\t\t\t\t<div class=\"elementor-element elementor-element-626fcf82 e-flex e-con-boxed e-con e-parent\" data-id=\"626fcf82\" data-element_type=\"container\" data-e-type=\"container\" data-settings=\"{&quot;background_background&quot;:&quot;classic&quot;}\">\n\t\t\t\t\t<div class=\"e-con-inner\">\n\t\t<div class=\"elementor-element elementor-element-eae176c e-flex e-con-boxed e-con e-child\" data-id=\"eae176c\" data-element_type=\"container\" data-e-type=\"container\">\n\t\t\t\t\t<div class=\"e-con-inner\">\n\t\t\t\t<div class=\"elementor-element elementor-element-69053425 elementor-widget elementor-widget-heading\" data-id=\"69053425\" data-element_type=\"widget\" data-e-type=\"widget\" data-widget_type=\"heading.default\">\n\t\t\t\t\t<h1 class=\"elementor-heading-title elementor-size-default\">Pol\u00edtica de Privadesa<\/h1>\t\t\t\t<\/div>\n\t\t\t\t<div class=\"elementor-element elementor-element-351c1fab elementor-widget elementor-widget-text-editor\" data-id=\"351c1fab\" data-element_type=\"widget\" data-e-type=\"widget\" data-widget_type=\"text-editor.default\">\n\t\t\t\t\t\t\t\t\t<p style=\"text-align:center;\">Darrera actualitzaci\u00f3: febrer de 2026<\/p>\t\t\t\t\t\t\t\t<\/div>\n\t\t\t\t\t<\/div>\n\t\t\t\t<\/div>\n\t\t\t\t\t<\/div>\n\t\t\t\t<\/div>\n\t\t<div class=\"elementor-element elementor-element-4acfa3ba e-flex e-con-boxed e-con e-parent\" data-id=\"4acfa3ba\" data-element_type=\"container\" data-e-type=\"container\">\n\t\t\t\t\t<div class=\"e-con-inner\">\n\t\t\t\t<div class=\"elementor-element elementor-element-42e6b1ba elementor-widget elementor-widget-heading\" data-id=\"42e6b1ba\" data-element_type=\"widget\" data-e-type=\"widget\" data-widget_type=\"heading.default\">\n\t\t\t\t\t<h2 class=\"elementor-heading-title elementor-size-default\">1. Responsable del tractament<\/h2>\t\t\t\t<\/div>\n\t\t\t\t<div class=\"elementor-element elementor-element-15f096ff elementor-widget elementor-widget-text-editor\" data-id=\"15f096ff\" data-element_type=\"widget\" data-e-type=\"widget\" data-widget_type=\"text-editor.default\">\n\t\t\t\t\t\t\t\t\t<p>De conformitat amb el que estableixen els articles 13 i 14 del Reglament (UE) 2016\/679 del Parlament Europeu i del Consell (RGPD) i els articles 6 i 11 de la Llei Org\u00e0nica 3\/2018, de 5 de desembre, de Protecci\u00f3 de Dades de Car\u00e0cter Personal i garantia dels drets digitals (LOPDGDD),<\/p><div style=\"background:#eef4ff; border-left:4px solid #3b82f6; padding:20px 24px; border-radius:0 8px 8px 0; margin:24px 0;\"><p style=\"margin:0;\"><strong>Responsable:<\/strong> ENGATGE INFORM\u00c0TICA SL<br><strong>Domicili social:<\/strong> Carrer Antoni Botey 66, Badalona (Barcelona)<br><strong>CIF:<\/strong> B05382908<br><strong>Registre Mercantil de Barcelona:<\/strong> Tom 47781, Foli 212, Full B-562063<br><strong>Email de contacte:<\/strong> <a href=\"mailto:info@engageinformatica.com\">info@engageinformatica.com<\/a><br><strong>Tel\u00e8fon:<\/strong> <a href=\"tel:619143570\">619 143 570<\/a><\/p><\/div>\t\t\t\t\t\t\t\t<\/div>\n\t\t\t\t<div class=\"elementor-element elementor-element-355d4f17 elementor-widget-divider--view-line elementor-widget elementor-widget-divider\" data-id=\"355d4f17\" data-element_type=\"widget\" data-e-type=\"widget\" data-widget_type=\"divider.default\">\n\t\t\t\t\t\t\t<div class=\"elementor-divider\">\n\t\t\t<span class=\"elementor-divider-separator\">\n\t\t\t\t\t\t<\/span>\n\t\t<\/div>\n\t\t\t\t\t\t<\/div>\n\t\t\t\t<div class=\"elementor-element elementor-element-321b5bb elementor-widget elementor-widget-heading\" data-id=\"321b5bb\" data-element_type=\"widget\" data-e-type=\"widget\" data-widget_type=\"heading.default\">\n\t\t\t\t\t<h2 class=\"elementor-heading-title elementor-size-default\">2. Dades personals que recopilem<\/h2>\t\t\t\t<\/div>\n\t\t\t\t<div class=\"elementor-element elementor-element-3aaf4887 elementor-widget elementor-widget-text-editor\" data-id=\"3aaf4887\" data-element_type=\"widget\" data-e-type=\"widget\" data-widget_type=\"text-editor.default\">\n\t\t\t\t\t\t\t\t\t<p>Les dades personals que l&#039;usuari pot arribar a proporcionar a trav\u00e9s de la web o qualsevol altre canal de comunicaci\u00f3 s\u00f3n:<\/p><ul><li><strong>Dades identificatives:<\/strong> nom, cognoms, c\u00e0rrec, correu electr\u00f2nic i\/o n\u00famero de tel\u00e8fon.<\/li><li><strong>Dades comptables:<\/strong> n\u00famero de compte, targeta banc\u00e0ria, etc. (nom\u00e9s en cas de contractaci\u00f3 de serveis).<\/li><\/ul><p>ENGAGE INFORM\u00c1TICA SL no recopila dades especialment protegides (origen \u00e8tnic, opinions pol\u00edtiques, salut, orientaci\u00f3 sexual, etc.).<\/p>\t\t\t\t\t\t\t\t<\/div>\n\t\t\t\t<div class=\"elementor-element elementor-element-4acd9ffd elementor-widget-divider--view-line elementor-widget elementor-widget-divider\" data-id=\"4acd9ffd\" data-element_type=\"widget\" data-e-type=\"widget\" data-widget_type=\"divider.default\">\n\t\t\t\t\t\t\t<div class=\"elementor-divider\">\n\t\t\t<span class=\"elementor-divider-separator\">\n\t\t\t\t\t\t<\/span>\n\t\t<\/div>\n\t\t\t\t\t\t<\/div>\n\t\t\t\t<div class=\"elementor-element elementor-element-49577a2e elementor-widget elementor-widget-heading\" data-id=\"49577a2e\" data-element_type=\"widget\" data-e-type=\"widget\" data-widget_type=\"heading.default\">\n\t\t\t\t\t<h2 class=\"elementor-heading-title elementor-size-default\">3. Finalitat del tractament<\/h2>\t\t\t\t<\/div>\n\t\t\t\t<div class=\"elementor-element elementor-element-4f93c0c8 elementor-widget elementor-widget-text-editor\" data-id=\"4f93c0c8\" data-element_type=\"widget\" data-e-type=\"widget\" data-widget_type=\"text-editor.default\">\n\t\t\t\t\t\t\t\t\t<p>Depenent de la relaci\u00f3 que mantingui amb nosaltres, tractarem les seves dades amb les finalitats seg\u00fcents:<\/p><ul><li><strong>Atenci\u00f3 a consultes:<\/strong> respondre a les sol\u00b7licituds dinformaci\u00f3 enviades a trav\u00e9s del formulari de contacte, email o tel\u00e8fon.<\/li><li><strong>Prestaci\u00f3 de serveis:<\/strong> gestionar la relaci\u00f3 contractual derivada de la contractaci\u00f3 dels nostres serveis d&#039;automatitzaci\u00f3, intel\u00b7lig\u00e8ncia artificial, desenvolupament web, hosting, consultoria o suport t\u00e8cnic.<\/li><li><strong>Comunicacions comercials:<\/strong> enviar informaci\u00f3 sobre els nostres serveis i novetats, sempre que l&#039;usuari hagi donat el vostre consentiment previ.<\/li><li><strong>Selecci\u00f3 de personal:<\/strong> gestionar i mantenir candidatures quan l&#039;usuari ens envia la vostra sol\u00b7licitud de participaci\u00f3 en un proc\u00e9s de selecci\u00f3.<\/li><\/ul><p>Les dades personals obtingudes a trav\u00e9s de qualsevol dels canals formaran part del Registre d&#039;Activitats i Operacions de Tractament (RAT) titularitat d&#039;ENGAGE INFORM\u00c1TICA SL<\/p>\t\t\t\t\t\t\t\t<\/div>\n\t\t\t\t<div class=\"elementor-element elementor-element-2d2945f5 elementor-widget-divider--view-line elementor-widget elementor-widget-divider\" data-id=\"2d2945f5\" data-element_type=\"widget\" data-e-type=\"widget\" data-widget_type=\"divider.default\">\n\t\t\t\t\t\t\t<div class=\"elementor-divider\">\n\t\t\t<span class=\"elementor-divider-separator\">\n\t\t\t\t\t\t<\/span>\n\t\t<\/div>\n\t\t\t\t\t\t<\/div>\n\t\t\t\t<div class=\"elementor-element elementor-element-3e65b878 elementor-widget elementor-widget-heading\" data-id=\"3e65b878\" data-element_type=\"widget\" data-e-type=\"widget\" data-widget_type=\"heading.default\">\n\t\t\t\t\t<h2 class=\"elementor-heading-title elementor-size-default\">4. Base legal del tractament<\/h2>\t\t\t\t<\/div>\n\t\t\t\t<div class=\"elementor-element elementor-element-7864eabf elementor-widget elementor-widget-text-editor\" data-id=\"7864eabf\" data-element_type=\"widget\" data-e-type=\"widget\" data-widget_type=\"text-editor.default\">\n\t\t\t\t\t\t\t\t\t<p>La base legal per al tractament de les dades personals varia segons la finalitat:<\/p><ul><li><strong>Consentiment de l&#039;interessat:<\/strong> per a l&#039;enviament de comunicacions comercials i la recollida de dades a trav\u00e9s de formularis.<\/li><li><strong>Execuci\u00f3 d&#039;un contracte:<\/strong> per a la prestaci\u00f3 dels serveis contractats i la gesti\u00f3 de la relaci\u00f3 comercial.<\/li><li><strong>Inter\u00e8s leg\u00edtim:<\/strong> per millorar els nostres serveis i la gesti\u00f3 interna de l&#039;empresa.<\/li><li><strong>Compliment d&#039;obligacions legals:<\/strong> per a la conservaci\u00f3 de dades requerides per la normativa fiscal, mercantil o administrativa.<\/li><\/ul><p>L&#039;usuari pot retirar el consentiment en qualsevol moment sense que aix\u00f2 afecti la licitud del tractament previ a la seva retirada.<\/p>\t\t\t\t\t\t\t\t<\/div>\n\t\t\t\t<div class=\"elementor-element elementor-element-729444e1 elementor-widget-divider--view-line elementor-widget elementor-widget-divider\" data-id=\"729444e1\" data-element_type=\"widget\" data-e-type=\"widget\" data-widget_type=\"divider.default\">\n\t\t\t\t\t\t\t<div class=\"elementor-divider\">\n\t\t\t<span class=\"elementor-divider-separator\">\n\t\t\t\t\t\t<\/span>\n\t\t<\/div>\n\t\t\t\t\t\t<\/div>\n\t\t\t\t<div class=\"elementor-element elementor-element-420df5ef elementor-widget elementor-widget-heading\" data-id=\"420df5ef\" data-element_type=\"widget\" data-e-type=\"widget\" data-widget_type=\"heading.default\">\n\t\t\t\t\t<h2 class=\"elementor-heading-title elementor-size-default\">5. Termini de conservaci\u00f3 de les dades<\/h2>\t\t\t\t<\/div>\n\t\t\t\t<div class=\"elementor-element elementor-element-230a5c50 elementor-widget elementor-widget-text-editor\" data-id=\"230a5c50\" data-element_type=\"widget\" data-e-type=\"widget\" data-widget_type=\"text-editor.default\">\n\t\t\t\t\t\t\t\t\t<p>Les dades personals es conservaran durant el temps estrictament necessari per complir amb la finalitat per a la qual van ser recollides:<\/p><ul><li><strong>Dades de clients:<\/strong> durant la vig\u00e8ncia de la relaci\u00f3 contractual i, un cop finalitzada, durant els terminis legalment establerts per a la prescripci\u00f3 de responsabilitats (generalment 5 anys).<\/li><li><strong>Dades de contacte (formularis):<\/strong> fins que l&#039;usuari sol\u00b7liciti la supressi\u00f3 o retiri el consentiment.<\/li><li><strong>Dades de candidats:<\/strong> durant un m\u00e0xim de 24 mesos des de la recepci\u00f3 del CV, llevat que el candidat sol\u00b7liciti la seva eliminaci\u00f3 abans.<\/li><li><strong>Comunicacions comercials:<\/strong> fins que l&#039;usuari es doni de baixa o retiri el consentiment.<\/li><\/ul>\t\t\t\t\t\t\t\t<\/div>\n\t\t\t\t<div class=\"elementor-element elementor-element-39a5d795 elementor-widget-divider--view-line elementor-widget elementor-widget-divider\" data-id=\"39a5d795\" data-element_type=\"widget\" data-e-type=\"widget\" data-widget_type=\"divider.default\">\n\t\t\t\t\t\t\t<div class=\"elementor-divider\">\n\t\t\t<span class=\"elementor-divider-separator\">\n\t\t\t\t\t\t<\/span>\n\t\t<\/div>\n\t\t\t\t\t\t<\/div>\n\t\t\t\t<div class=\"elementor-element elementor-element-7e448cf4 elementor-widget elementor-widget-heading\" data-id=\"7e448cf4\" data-element_type=\"widget\" data-e-type=\"widget\" data-widget_type=\"heading.default\">\n\t\t\t\t\t<h2 class=\"elementor-heading-title elementor-size-default\">6. Cessi\u00f3 de dades a tercers<\/h2>\t\t\t\t<\/div>\n\t\t\t\t<div class=\"elementor-element elementor-element-5b89a883 elementor-widget elementor-widget-text-editor\" data-id=\"5b89a883\" data-element_type=\"widget\" data-e-type=\"widget\" data-widget_type=\"text-editor.default\">\n\t\t\t\t\t\t\t\t\t<p>De manera general, ENGAGE INFORM\u00c1TICA SL no cedir\u00e0 dades personals a tercers, llevat dels sup\u00f2sits seg\u00fcents:<\/p><ul><li><strong>Prove\u00efdors de serveis:<\/strong> col\u00b7laboradors que presten serveis necessaris per a l&#039;activitat d&#039;ENGAGE INFORM\u00c1TICA SL (allotjament web, eines de gesti\u00f3, serveis de correu electr\u00f2nic, etc.), amb els quals s&#039;han signat els corresponents contractes d&#039;encarregat de tractament.<\/li><li><strong>Obligaci\u00f3 legal:<\/strong> quan la llei exigeixi la comunicaci\u00f3 de dades a organismes p\u00fablics o altres entitats.<\/li><\/ul><p>En tots els casos, ens assegurem que els destinataris respecten la confidencialitat i compten amb les mesures adequades per protegir les dades personals.<\/p>\t\t\t\t\t\t\t\t<\/div>\n\t\t\t\t<div class=\"elementor-element elementor-element-c219903 elementor-widget-divider--view-line elementor-widget elementor-widget-divider\" data-id=\"c219903\" data-element_type=\"widget\" data-e-type=\"widget\" data-widget_type=\"divider.default\">\n\t\t\t\t\t\t\t<div class=\"elementor-divider\">\n\t\t\t<span class=\"elementor-divider-separator\">\n\t\t\t\t\t\t<\/span>\n\t\t<\/div>\n\t\t\t\t\t\t<\/div>\n\t\t\t\t<div class=\"elementor-element elementor-element-74fcd68 elementor-widget elementor-widget-heading\" data-id=\"74fcd68\" data-element_type=\"widget\" data-e-type=\"widget\" data-widget_type=\"heading.default\">\n\t\t\t\t\t<h2 class=\"elementor-heading-title elementor-size-default\">7. Transfer\u00e8ncies internacionals<\/h2>\t\t\t\t<\/div>\n\t\t\t\t<div class=\"elementor-element elementor-element-e07e487 elementor-widget elementor-widget-text-editor\" data-id=\"e07e487\" data-element_type=\"widget\" data-e-type=\"widget\" data-widget_type=\"text-editor.default\">\n\t\t\t\t\t\t\t\t\t<p>Alguns dels prove\u00efdors de serveis amb qu\u00e8 treballa ENGAGE INFORM\u00c1TICA SL poden estar ubicats fora de l&#039;Espai Econ\u00f2mic Europeu (per exemple, Google LLC o Meta Platforms, Inc.). En aquests casos, les transfer\u00e8ncies internacionals de dades es realitzen amb les garanties adequades:<\/p><ul><li>Decisi\u00f3 d&#039;adequaci\u00f3 de la Comissi\u00f3 Europea (Marc de Privadesa de Dades UE-EUA).<\/li><li>Cl\u00e0usules contractuals tipus aprovades per la Comissi\u00f3 Europea.<\/li><\/ul>\t\t\t\t\t\t\t\t<\/div>\n\t\t\t\t<div class=\"elementor-element elementor-element-302fdc3a elementor-widget-divider--view-line elementor-widget elementor-widget-divider\" data-id=\"302fdc3a\" data-element_type=\"widget\" data-e-type=\"widget\" data-widget_type=\"divider.default\">\n\t\t\t\t\t\t\t<div class=\"elementor-divider\">\n\t\t\t<span class=\"elementor-divider-separator\">\n\t\t\t\t\t\t<\/span>\n\t\t<\/div>\n\t\t\t\t\t\t<\/div>\n\t\t\t\t<div class=\"elementor-element elementor-element-5bb8c7e7 elementor-widget elementor-widget-heading\" data-id=\"5bb8c7e7\" data-element_type=\"widget\" data-e-type=\"widget\" data-widget_type=\"heading.default\">\n\t\t\t\t\t<h2 class=\"elementor-heading-title elementor-size-default\">8. Els teus drets<\/h2>\t\t\t\t<\/div>\n\t\t\t\t<div class=\"elementor-element elementor-element-5b35049c elementor-widget elementor-widget-text-editor\" data-id=\"5b35049c\" data-element_type=\"widget\" data-e-type=\"widget\" data-widget_type=\"text-editor.default\">\n\t\t\t\t\t\t\t\t\t<p>En virtut del que estableix la normativa vigent en protecci\u00f3 de dades, pots exercir els drets seg\u00fcents:<\/p><ul><li><strong>Dret d&#039;acc\u00e9s:<\/strong> pots sol\u00b7licitar informaci\u00f3 sobre les dades personals que tenim sobre tu.<\/li><li><strong>Dret de rectificaci\u00f3:<\/strong> pots comunicar qualsevol canvi a les teves dades personals.<\/li><li><strong>Dret de supressi\u00f3 ia l&#039;oblit:<\/strong> pots sol\u00b7licitar l&#039;eliminaci\u00f3, amb el bloqueig previ, de les teves dades personals.<\/li><li><strong>Dret de limitaci\u00f3 al tractament:<\/strong> pots sol\u00b7licitar la restricci\u00f3 del tractament de les teves dades.<\/li><li><strong>Dret d&#039;oposici\u00f3:<\/strong> pots oposar-te a que se segueixin tractant les teves dades.<\/li><li><strong>Dret a la portabilitat:<\/strong> pots sol\u00b7licitar una c\u00f2pia de les teves dades en format estructurat i de lectura mec\u00e0nica.<\/li><li><strong>Dret a no ser objecte de decisions automatitzades:<\/strong> pots sol\u00b7licitar que no es prenguin decisions basades \u00fanicament en el tractament automatitzat.<\/li><\/ul><p>Per exercir qualsevol d&#039;aquests drets, adre\u00e7a&#039;t a: <a href=\"mailto:info@engageinformatica.com\">info@engageinformatica.com<\/a><\/p><p>Si consideres que els teus drets no han estat degudament atesos, pots presentar una reclamaci\u00f3 davant de l&#039;Ag\u00e8ncia Espanyola de Protecci\u00f3 de Dades (<a href=\"https:\/\/www.aepd.es\" target=\"_blank\" rel=\"noopener\">www.aepd.es<\/a>).<\/p>\t\t\t\t\t\t\t\t<\/div>\n\t\t\t\t<div class=\"elementor-element elementor-element-76be6702 elementor-widget-divider--view-line elementor-widget elementor-widget-divider\" data-id=\"76be6702\" data-element_type=\"widget\" data-e-type=\"widget\" data-widget_type=\"divider.default\">\n\t\t\t\t\t\t\t<div class=\"elementor-divider\">\n\t\t\t<span class=\"elementor-divider-separator\">\n\t\t\t\t\t\t<\/span>\n\t\t<\/div>\n\t\t\t\t\t\t<\/div>\n\t\t\t\t<div class=\"elementor-element elementor-element-6bb4bffd elementor-widget elementor-widget-heading\" data-id=\"6bb4bffd\" data-element_type=\"widget\" data-e-type=\"widget\" data-widget_type=\"heading.default\">\n\t\t\t\t\t<h2 class=\"elementor-heading-title elementor-size-default\">9. Pres\u00e8ncia a xarxes socials<\/h2>\t\t\t\t<\/div>\n\t\t\t\t<div class=\"elementor-element elementor-element-20f7a561 elementor-widget elementor-widget-text-editor\" data-id=\"20f7a561\" data-element_type=\"widget\" data-e-type=\"widget\" data-widget_type=\"text-editor.default\">\n\t\t\t\t\t\t\t\t\t<p>ENGAGE INFORM\u00c1TICA SL compta amb perfils a les principals xarxes socials d&#039;Internet. Es reconeix com a responsable del tractament de les dades dels seus usuaris, seguidors o persones que facin comentaris a trav\u00e9s de les mateixes.<\/p><p>ENGAGE INFORM\u00c1TICA SL podr\u00e0 utilitzar aquests perfils per informar els seus usuaris de temes que consideri del seu inter\u00e8s, i s&#039;exonera de qualsevol responsabilitat derivada de comentaris publicats pels mateixos usuaris i seguidors a les seves xarxes socials.<\/p>\t\t\t\t\t\t\t\t<\/div>\n\t\t\t\t<div class=\"elementor-element elementor-element-65bf88ed elementor-widget-divider--view-line elementor-widget elementor-widget-divider\" data-id=\"65bf88ed\" data-element_type=\"widget\" data-e-type=\"widget\" data-widget_type=\"divider.default\">\n\t\t\t\t\t\t\t<div class=\"elementor-divider\">\n\t\t\t<span class=\"elementor-divider-separator\">\n\t\t\t\t\t\t<\/span>\n\t\t<\/div>\n\t\t\t\t\t\t<\/div>\n\t\t\t\t<div class=\"elementor-element elementor-element-777d2626 elementor-widget elementor-widget-heading\" data-id=\"777d2626\" data-element_type=\"widget\" data-e-type=\"widget\" data-widget_type=\"heading.default\">\n\t\t\t\t\t<h2 class=\"elementor-heading-title elementor-size-default\">10. Veracitat de les dades<\/h2>\t\t\t\t<\/div>\n\t\t\t\t<div class=\"elementor-element elementor-element-69083c1b elementor-widget elementor-widget-text-editor\" data-id=\"69083c1b\" data-element_type=\"widget\" data-e-type=\"widget\" data-widget_type=\"text-editor.default\">\n\t\t\t\t\t\t\t\t\t<p>L&#039;usuari \u00e9s l&#039;\u00fanic responsable de la veracitat i correcci\u00f3 de les dades facilitades a trav\u00e9s de qualsevol dels formularis incorporats a la web, exonerant ENGAGE INFORM\u00c1TICA SL de qualsevol responsabilitat al respecte.<\/p><p>Els usuaris garanteixen i responen, en qualsevol cas, de l&#039;exactitud, vig\u00e8ncia i autenticitat de les dades personals facilitades, i es comprometen a mantenir-les degudament actualitzades.<\/p>\t\t\t\t\t\t\t\t<\/div>\n\t\t\t\t<div class=\"elementor-element elementor-element-7530fb32 elementor-widget-divider--view-line elementor-widget elementor-widget-divider\" data-id=\"7530fb32\" data-element_type=\"widget\" data-e-type=\"widget\" data-widget_type=\"divider.default\">\n\t\t\t\t\t\t\t<div class=\"elementor-divider\">\n\t\t\t<span class=\"elementor-divider-separator\">\n\t\t\t\t\t\t<\/span>\n\t\t<\/div>\n\t\t\t\t\t\t<\/div>\n\t\t\t\t<div class=\"elementor-element elementor-element-1ca86f78 elementor-widget elementor-widget-heading\" data-id=\"1ca86f78\" data-element_type=\"widget\" data-e-type=\"widget\" data-widget_type=\"heading.default\">\n\t\t\t\t\t<h2 class=\"elementor-heading-title elementor-size-default\">11. Mesures de seguretat<\/h2>\t\t\t\t<\/div>\n\t\t\t\t<div class=\"elementor-element elementor-element-1643bd07 elementor-widget elementor-widget-text-editor\" data-id=\"1643bd07\" data-element_type=\"widget\" data-e-type=\"widget\" data-widget_type=\"text-editor.default\">\n\t\t\t\t\t\t\t\t\t<p>ENGAGE INFORM\u00c1TICA SL ha adoptat els nivells de seguretat de protecci\u00f3 de dades personals legalment requerits, i procura instal\u00b7lar aquells mitjans i mesures t\u00e8cniques addicionals al seu abast per evitar la p\u00e8rdua, mal \u00fas, alteraci\u00f3, acc\u00e9s no autoritzat i robatori de les dades personals facilitades.<\/p><p>Tot i aix\u00f2, l&#039;usuari ha de ser conscient que les mesures de seguretat a Internet no s\u00f3n inexpugnables.<\/p><h3>Bretxes de seguretat<\/h3><p>En cas de produir-se una bretxa de seguretat que pugui afectar greument les dades personals dels usuaris, ENGAGE INFORM\u00c1TICA SL ho notificar\u00e0 als interessats ia l&#039;autoritat competent en un termini m\u00e0xim de 72 hores, de conformitat amb l&#039;article 33 del RGPD.<\/p>\t\t\t\t\t\t\t\t<\/div>\n\t\t\t\t<div class=\"elementor-element elementor-element-27179ec0 elementor-widget-divider--view-line elementor-widget elementor-widget-divider\" data-id=\"27179ec0\" data-element_type=\"widget\" data-e-type=\"widget\" data-widget_type=\"divider.default\">\n\t\t\t\t\t\t\t<div class=\"elementor-divider\">\n\t\t\t<span class=\"elementor-divider-separator\">\n\t\t\t\t\t\t<\/span>\n\t\t<\/div>\n\t\t\t\t\t\t<\/div>\n\t\t\t\t<div class=\"elementor-element elementor-element-5ea5e9e2 elementor-widget elementor-widget-heading\" data-id=\"5ea5e9e2\" data-element_type=\"widget\" data-e-type=\"widget\" data-widget_type=\"heading.default\">\n\t\t\t\t\t<h2 class=\"elementor-heading-title elementor-size-default\">12. Modificacions daquesta pol\u00edtica<\/h2>\t\t\t\t<\/div>\n\t\t\t\t<div class=\"elementor-element elementor-element-6cb0ac5e elementor-widget elementor-widget-text-editor\" data-id=\"6cb0ac5e\" data-element_type=\"widget\" data-e-type=\"widget\" data-widget_type=\"text-editor.default\">\n\t\t\t\t\t\t\t\t\t<p>Aquesta pol\u00edtica de privadesa es pot modificar per adaptar-se a canvis normatius, t\u00e8cnics oa l&#039;evoluci\u00f3 dels serveis oferts per ENGAGE INFORM\u00c1TICA SL Et recomanem revisar-la peri\u00f2dicament.<\/p><p>Qualsevol canvi substancial ser\u00e0 comunicat als usuaris a trav\u00e9s del web.<\/p>\t\t\t\t\t\t\t\t<\/div>\n\t\t\t\t<div class=\"elementor-element elementor-element-5022f8aa elementor-widget-divider--view-line elementor-widget elementor-widget-divider\" data-id=\"5022f8aa\" data-element_type=\"widget\" data-e-type=\"widget\" data-widget_type=\"divider.default\">\n\t\t\t\t\t\t\t<div class=\"elementor-divider\">\n\t\t\t<span class=\"elementor-divider-separator\">\n\t\t\t\t\t\t<\/span>\n\t\t<\/div>\n\t\t\t\t\t\t<\/div>\n\t\t\t\t<div class=\"elementor-element elementor-element-6be4af96 elementor-widget elementor-widget-heading\" data-id=\"6be4af96\" data-element_type=\"widget\" data-e-type=\"widget\" data-widget_type=\"heading.default\">\n\t\t\t\t\t<h2 class=\"elementor-heading-title elementor-size-default\">13. Contacte<\/h2>\t\t\t\t<\/div>\n\t\t\t\t<div class=\"elementor-element elementor-element-513b026f elementor-widget elementor-widget-text-editor\" data-id=\"513b026f\" data-element_type=\"widget\" data-e-type=\"widget\" data-widget_type=\"text-editor.default\">\n\t\t\t\t\t\t\t\t\t<p>Si tens qualsevol dubte sobre la nostra pol\u00edtica de privadesa o el tractament de les teves dades personals, pots contactar amb nosaltres:<\/p><p><strong>ENGATGE INFORM\u00c0TICA SL<\/strong><br \/>Email: <a href=\"mailto:info@engageinformatica.com\">info@engageinformatica.com<\/a><br \/>Tel\u00e8fon: <a href=\"tel:619143570\">619 143 570<\/a><br \/><br \/><\/p>\t\t\t\t\t\t\t\t<\/div>\n\t\t\t\t\t<\/div>\n\t\t\t\t<\/div>\n\t\t<div class=\"elementor-element elementor-element-5cd723c8 e-flex e-con-boxed e-con e-parent\" data-id=\"5cd723c8\" data-element_type=\"container\" data-e-type=\"container\" data-settings=\"{&quot;background_background&quot;:&quot;classic&quot;}\">\n\t\t\t\t\t<div class=\"e-con-inner\">\n\t\t<div class=\"elementor-element elementor-element-fb6043 e-flex e-con-boxed e-con e-child\" data-id=\"fb6043\" data-element_type=\"container\" data-e-type=\"container\">\n\t\t\t\t\t<div class=\"e-con-inner\">\n\t\t\t\t<div class=\"elementor-element elementor-element-41748e02 elementor-widget elementor-widget-text-editor\" data-id=\"41748e02\" data-element_type=\"widget\" data-e-type=\"widget\" data-widget_type=\"text-editor.default\">\n\t\t\t\t\t\t\t\t\t<p style=\"text-align:center; color:#999; font-size:14px;\">\u00a9 2026 ENGAGE INFORM\u00c0TICA SL Tots els drets reservats.<\/p>\t\t\t\t\t\t\t\t<\/div>\n\t\t\t\t\t<\/div>\n\t\t\t\t<\/div>\n\t\t\t\t\t<\/div>\n\t\t\t\t<\/div>\n\t\t\t\t<\/div>","protected":false},"excerpt":{"rendered":"<p>Pol\u00edtica de Privacidad \u00daltima actualizaci\u00f3n: febrero de 2026 1. Responsable del tratamiento De conformidad con lo establecido en los art\u00edculos 13 y 14 del Reglamento (UE) 2016\/679 del Parlamento Europeo y del Consejo (RGPD) y los art\u00edculos 6 y 11 de la Ley Org\u00e1nica 3\/2018, de 5 de diciembre, de Protecci\u00f3n de Datos de Car\u00e1cter [&hellip;]<\/p>","protected":false},"author":1,"featured_media":0,"parent":0,"menu_order":0,"comment_status":"closed","ping_status":"closed","template":"","meta":{"_angie_page":false,"footnotes":""},"class_list":["post-224","page","type-page","status-publish","hentry"],"_links":{"self":[{"href":"https:\/\/engageinformatica.com\/ca\/wp-json\/wp\/v2\/pages\/224","targetHints":{"allow":["GET"]}}],"collection":[{"href":"https:\/\/engageinformatica.com\/ca\/wp-json\/wp\/v2\/pages"}],"about":[{"href":"https:\/\/engageinformatica.com\/ca\/wp-json\/wp\/v2\/types\/page"}],"author":[{"embeddable":true,"href":"https:\/\/engageinformatica.com\/ca\/wp-json\/wp\/v2\/users\/1"}],"replies":[{"embeddable":true,"href":"https:\/\/engageinformatica.com\/ca\/wp-json\/wp\/v2\/comments?post=224"}],"version-history":[{"count":4,"href":"https:\/\/engageinformatica.com\/ca\/wp-json\/wp\/v2\/pages\/224\/revisions"}],"predecessor-version":[{"id":230,"href":"https:\/\/engageinformatica.com\/ca\/wp-json\/wp\/v2\/pages\/224\/revisions\/230"}],"wp:attachment":[{"href":"https:\/\/engageinformatica.com\/ca\/wp-json\/wp\/v2\/media?parent=224"}],"curies":[{"name":"wp","href":"https:\/\/api.w.org\/{rel}","templated":true}]}}